{"id":4537,"date":"2021-09-02T16:53:43","date_gmt":"2021-09-02T08:53:43","guid":{"rendered":"https:\/\/wp.thefitsummit.com\/?post_type=all_speakers&#038;p=4537"},"modified":"2025-11-19T11:41:50","modified_gmt":"2025-11-19T03:41:50","slug":"dane-fort","status":"publish","type":"all_speakers","link":"https:\/\/beyondactiv.com\/events\/es\/speakers\/dane-fort\/","title":{"rendered":"Dane Fort"},"content":{"rendered":"<h3 class=\"wp-block-heading\">Dane Fort es cofundador y copresidente de California Wellness Group. <\/h3>\n\n\n\n<p>Con m\u00e1s de 28 a\u00f1os en puestos directivos, la carrera de Dane Fort en el sector del fitness y el bienestar abarca cinco pa\u00edses. En su cargo actual de cofundador y copresidente de California Wellness Group, supervisa las operaciones de 62 gimnasios y cl\u00ednicas de belleza que emplean a m\u00e1s de 4.000 personas en siete ciudades de Vietnam.<br>&nbsp;<br>Como uno de los socios fundadores de California Fitness en Vietnam, a Dane le mueve la visi\u00f3n de mejorar la salud de los 96 millones de habitantes de su patria adoptiva. Esta visi\u00f3n de la naci\u00f3n del sudeste asi\u00e1tico en r\u00e1pido crecimiento le ha llevado a ser pionero tanto en la industria como en la revoluci\u00f3n del bienestar en el pa\u00eds. &nbsp;<br>&nbsp;<br>La carrera de Dane comenz\u00f3 en su EE.UU. natal, donde se incorpor\u00f3 a 24 Hour Fitness, entonces la mayor empresa privada de fitness del mundo. All\u00ed dej\u00f3 su impronta como uno de los mejores profesionales de ventas y marketing, y se le ofreci\u00f3 la oportunidad de incorporarse a la filial asi\u00e1tica del grupo, California Fitness. All\u00ed dirigi\u00f3 gimnasios en Hong Kong y Malasia.<br>&nbsp;<br>Dane es un riguroso defensor del bienestar y la forma f\u00edsica. Este \u00e1vido deportista al aire libre participa regularmente en maratones y triatlones por toda Asia y tiene un envidiable r\u00e9gimen diario de fitness que refleja la pasi\u00f3n con la que promueve su sector.<\/p>\n\n\n\n<p>Dane es ponente en <a href=\"https:\/\/beyondactiv.com\/events\/es\/asia\/\" data-type=\"link\" data-id=\"https:\/\/beyondactiv.com\/events\/world\/\">M\u00e1s all\u00e1 de Activ Asia<\/a> en Bangkok, Tailandia. <\/p>","protected":false},"excerpt":{"rendered":"<p>CEO, Vietnam<\/p>\n<h5>Grupo de Fitness y Estilo de Vida<\/p>\n<h5>","protected":false},"featured_media":35479,"template":"","speakers-type":[18,65,82,10,66,7],"class_list":["post-4537","all_speakers","type-all_speakers","status-publish","has-post-thumbnail","hentry","speakers-type-2023-world-speakers","speakers-type-2025-world-speakers","speakers-type-2026-asia-speakers","speakers-type-advisor-committee","speakers-type-2025-world-health","speakers-type-leadership-partner"],"blocksy_meta":{"styles_descriptor":{"styles":{"desktop":"","tablet":"","mobile":""},"google_fonts":[],"version":6}},"_links":{"self":[{"href":"https:\/\/beyondactiv.com\/events\/es\/wp-json\/wp\/v2\/all_speakers\/4537","targetHints":{"allow":["GET"]}}],"collection":[{"href":"https:\/\/beyondactiv.com\/events\/es\/wp-json\/wp\/v2\/all_speakers"}],"about":[{"href":"https:\/\/beyondactiv.com\/events\/es\/wp-json\/wp\/v2\/types\/all_speakers"}],"wp:featuredmedia":[{"embeddable":true,"href":"https:\/\/beyondactiv.com\/events\/es\/wp-json\/wp\/v2\/media\/35479"}],"wp:attachment":[{"href":"https:\/\/beyondactiv.com\/events\/es\/wp-json\/wp\/v2\/media?parent=4537"}],"wp:term":[{"taxonomy":"speakers-type","embeddable":true,"href":"https:\/\/beyondactiv.com\/events\/es\/wp-json\/wp\/v2\/speakers-type?post=4537"}],"curies":[{"name":"wp","href":"https:\/\/api.w.org\/{rel}","templated":true}]}}