{"id":43684,"date":"2023-11-30T22:11:14","date_gmt":"2023-11-30T14:11:14","guid":{"rendered":"https:\/\/beyondactiv.com\/events\/?post_type=all_speakers&#038;p=43684"},"modified":"2024-08-06T13:31:39","modified_gmt":"2024-08-06T05:31:39","slug":"mickey-stewart-mbe","status":"publish","type":"all_speakers","link":"https:\/\/beyondactiv.com\/events\/es\/speakers\/mickey-stewart-mbe\/","title":{"rendered":"Mickey Stewart MBE"},"content":{"rendered":"<h3 class=\"wp-block-heading\">Mickey Stewart MBE es Subdirector Ejecutivo de <a href=\"https:\/\/www.aeisaudi.com\/\" data-type=\"link\" data-id=\"https:\/\/www.aeisaudi.com\/\" target=\"_blank\" rel=\"noopener\">Incubadoras de empresas \u00e1rabes<\/a>.<\/h3>\n\n\n\n<p>Como DCEO Mickey es responsable del Desarrollo de Negocios Estrat\u00e9gicos de AEI, incluida la integraci\u00f3n entre nuevos clientes y la prestaci\u00f3n de servicios de AEI. Mickey tiene m\u00e1s de 20 a\u00f1os de experiencia operativa en la regi\u00f3n. Se uni\u00f3 a AEI en 2021 reconociendo que la agenda de transformaci\u00f3n en Arabia Saudita no tiene precedentes. Despu\u00e9s de una carrera militar, ha trabajado en empresas de la lista FTSE 100 del Reino Unido, as\u00ed como en pymes.<\/p>\n\n\n\n<p>Mickey tambi\u00e9n es ponente en <a href=\"https:\/\/beyondactiv.com\/events\/es\/emea\/\">M\u00e1s all\u00e1 de Activ EMEA<\/a> en Riad (Arabia Saud\u00ed).<\/p>","protected":false},"excerpt":{"rendered":"<p>Director General Adjunto<\/p>\n<h5>Incubadoras de empresas \u00e1rabes<\/h5>","protected":false},"featured_media":43685,"template":"","speakers-type":[24],"class_list":["post-43684","all_speakers","type-all_speakers","status-publish","has-post-thumbnail","hentry","speakers-type-2024-emea-speakers"],"blocksy_meta":[],"_links":{"self":[{"href":"https:\/\/beyondactiv.com\/events\/es\/wp-json\/wp\/v2\/all_speakers\/43684","targetHints":{"allow":["GET"]}}],"collection":[{"href":"https:\/\/beyondactiv.com\/events\/es\/wp-json\/wp\/v2\/all_speakers"}],"about":[{"href":"https:\/\/beyondactiv.com\/events\/es\/wp-json\/wp\/v2\/types\/all_speakers"}],"wp:featuredmedia":[{"embeddable":true,"href":"https:\/\/beyondactiv.com\/events\/es\/wp-json\/wp\/v2\/media\/43685"}],"wp:attachment":[{"href":"https:\/\/beyondactiv.com\/events\/es\/wp-json\/wp\/v2\/media?parent=43684"}],"wp:term":[{"taxonomy":"speakers-type","embeddable":true,"href":"https:\/\/beyondactiv.com\/events\/es\/wp-json\/wp\/v2\/speakers-type?post=43684"}],"curies":[{"name":"wp","href":"https:\/\/api.w.org\/{rel}","templated":true}]}}