{"id":32717,"date":"2023-07-11T11:43:34","date_gmt":"2023-07-11T03:43:34","guid":{"rendered":"https:\/\/thefitsummit.com\/?post_type=all_speakers&#038;p=32717"},"modified":"2026-02-03T14:06:10","modified_gmt":"2026-02-03T06:06:10","slug":"radhouane-chaabouni","status":"publish","type":"all_speakers","link":"https:\/\/beyondactiv.com\/events\/es\/speakers\/radhouane-chaabouni\/","title":{"rendered":"Radhouane Chaabouni"},"content":{"rendered":"<h3 class=\"wp-block-heading\">Radhouane Chaabouni es cofundador y Consejero Delegado de <a href=\"https:\/\/www.california-gym.com\/\" target=\"_blank\" rel=\"noopener\">Gimnasio California<\/a>.<\/h3>\n\n\n\n<p>L\u00edder excepcional y consumado, Radhouane desempe\u00f1\u00f3 un papel fundamental en la remodelaci\u00f3n de la industria del fitness en el norte de \u00c1frica. <\/p>\n\n\n\n<p>Su inquebrantable dedicaci\u00f3n a la excelencia se tradujo en una presencia dominante en el mercado, impulsando la expansi\u00f3n de 11 gimnasios de primera categor\u00eda en T\u00fanez e introduciendo un club pionero en Argelia, todos ellos bajo la prestigiosa ense\u00f1a California Gym. En 1999, junto con su hermano Rafik Chaabouni, Radhouane inaugur\u00f3 el primer centro mixto de la regi\u00f3n que cumpl\u00eda las normas internacionales, con equipos de \u00faltima generaci\u00f3n y un amplio abanico de servicios.<\/p>\n\n\n\n<p>Radhouane fue Consejero Delegado de FlexFitness.online, donde aprovech\u00f3 el poder de la tecnolog\u00eda para establecer una innovadora plataforma en l\u00ednea. Su enfoque pionero transform\u00f3 la forma en que las personas acceden a los profesionales de la salud y a los expertos en fitness, fomentando un mercado interactivo que propicia interacciones fluidas. Con m\u00e1s de 17 a\u00f1os al tim\u00f3n como Director General de California Gym, Radhouane no s\u00f3lo ha supervisado la evoluci\u00f3n y la gesti\u00f3n de la principal cadena de gimnasios de T\u00fanez, sino que tambi\u00e9n ha impulsado la marca California Gym hasta una posici\u00f3n de liderazgo inequ\u00edvoco en el panorama de los gimnasios del norte de \u00c1frica. Las vanguardistas instalaciones y la variada oferta de servicios son testimonio de la inquebrantable dedicaci\u00f3n de Radhouane a ofrecer experiencias de fitness sin parang\u00f3n.<\/p>\n\n\n\n<p>Radhouane es licenciado en Finanzas y Sistemas de Informaci\u00f3n de Gesti\u00f3n por la Universidad de Boston. Esta base acad\u00e9mica ha contribuido sin duda a su enfoque polifac\u00e9tico del desarrollo empresarial y el liderazgo estrat\u00e9gico, que le permite desenvolverse con precisi\u00f3n en entornos empresariales complejos. Adem\u00e1s de sus numerosos logros profesionales, el compromiso de Radhouane con la innovaci\u00f3n, su previsi\u00f3n estrat\u00e9gica y su inquebrantable dedicaci\u00f3n a revolucionar los sectores del fitness y los negocios lo sit\u00faan como un pionero en todos los sentidos. Su trayectoria est\u00e1 marcada por la resistencia, el pensamiento visionario y la b\u00fasqueda incesante de la excelencia.<\/p>\n\n\n\n<p>Radhouane tambi\u00e9n es ponente en <a href=\"https:\/\/beyondactiv.com\/events\/es\/world\/\">M\u00e1s all\u00e1 de Activ World<\/a> en Riad (Arabia Saud\u00ed).<\/p>","protected":false},"excerpt":{"rendered":"<p>DIRECTOR GENERAL<\/p>\n<h5>Gimnasio California<\/h5>","protected":false},"featured_media":34603,"template":"","speakers-type":[24,64],"class_list":["post-32717","all_speakers","type-all_speakers","status-publish","has-post-thumbnail","hentry","speakers-type-2024-emea-speakers","speakers-type-2025-emea-speaker"],"blocksy_meta":[],"_links":{"self":[{"href":"https:\/\/beyondactiv.com\/events\/es\/wp-json\/wp\/v2\/all_speakers\/32717","targetHints":{"allow":["GET"]}}],"collection":[{"href":"https:\/\/beyondactiv.com\/events\/es\/wp-json\/wp\/v2\/all_speakers"}],"about":[{"href":"https:\/\/beyondactiv.com\/events\/es\/wp-json\/wp\/v2\/types\/all_speakers"}],"wp:featuredmedia":[{"embeddable":true,"href":"https:\/\/beyondactiv.com\/events\/es\/wp-json\/wp\/v2\/media\/34603"}],"wp:attachment":[{"href":"https:\/\/beyondactiv.com\/events\/es\/wp-json\/wp\/v2\/media?parent=32717"}],"wp:term":[{"taxonomy":"speakers-type","embeddable":true,"href":"https:\/\/beyondactiv.com\/events\/es\/wp-json\/wp\/v2\/speakers-type?post=32717"}],"curies":[{"name":"wp","href":"https:\/\/api.w.org\/{rel}","templated":true}]}}