{"id":26607,"date":"2023-02-17T14:10:00","date_gmt":"2023-02-17T06:10:00","guid":{"rendered":"https:\/\/thefitsummit.com\/?post_type=all_speakers&#038;p=26607"},"modified":"2025-10-14T23:30:06","modified_gmt":"2025-10-14T15:30:06","slug":"donal-mcelwee","status":"publish","type":"all_speakers","link":"https:\/\/beyondactiv.com\/events\/es\/speakers\/donal-mcelwee\/","title":{"rendered":"Donal McElwee"},"content":{"rendered":"<h3 class=\"wp-block-heading\">Donal McElwee es el socio director de la oficina de Oriente Medio y \u00c1frica para <a href=\"https:\/\/portasconsulting.com\/\" target=\"_blank\" rel=\"noopener\">CAA Portas<\/a>, una consultor\u00eda de gesti\u00f3n dedicada al sector del deporte y el fitness.<\/h3>\n\n\n\n<p>Donal ha trabajado en m\u00e1s de 100 proyectos deportivos y de fitness en Oriente Medio, incluyendo Ministerios de Deporte, federaciones deportivas y el sector privado. Ha trabajado con m\u00faltiples cadenas de gimnasios en el mercado de Oriente Medio en sus estrategias y planes, incluidos los l\u00edderes del mercado y las marcas emergentes en el mercado de r\u00e1pido crecimiento de Arabia Saud\u00ed. Tambi\u00e9n ha ayudado a marcas internacionales de fitness en sus planes de entrada en el mercado de Oriente Medio. Donal posee un MBA por la Wharton School de la Universidad de Pensilvania, un LLM por la Harvard Law School y un LLB por la Universidad de Glasgow. Ha trabajado en Freshfields Bruckhaus Deringer, Goldman Sachs, Roland Berger y la Universidad de Yale. <\/p>\n\n\n\n<p>Donal tambi\u00e9n es ponente en <a href=\"https:\/\/beyondactiv.com\/events\/es\/emea\/\">M\u00e1s all\u00e1 de Activ EMEA<\/a> en Riad (Arabia Saud\u00ed).<\/p>","protected":false},"excerpt":{"rendered":"<p>Partner &#038; Head of Middle East &#038; Africa<\/p>\n<h5>Portas<\/h5>","protected":false},"featured_media":35294,"template":"","speakers-type":[24,79],"class_list":["post-26607","all_speakers","type-all_speakers","status-publish","has-post-thumbnail","hentry","speakers-type-2024-emea-speakers","speakers-type-2026-world-speaker"],"blocksy_meta":{"styles_descriptor":{"styles":{"desktop":"","tablet":"","mobile":""},"google_fonts":[],"version":6}},"_links":{"self":[{"href":"https:\/\/beyondactiv.com\/events\/es\/wp-json\/wp\/v2\/all_speakers\/26607","targetHints":{"allow":["GET"]}}],"collection":[{"href":"https:\/\/beyondactiv.com\/events\/es\/wp-json\/wp\/v2\/all_speakers"}],"about":[{"href":"https:\/\/beyondactiv.com\/events\/es\/wp-json\/wp\/v2\/types\/all_speakers"}],"wp:featuredmedia":[{"embeddable":true,"href":"https:\/\/beyondactiv.com\/events\/es\/wp-json\/wp\/v2\/media\/35294"}],"wp:attachment":[{"href":"https:\/\/beyondactiv.com\/events\/es\/wp-json\/wp\/v2\/media?parent=26607"}],"wp:term":[{"taxonomy":"speakers-type","embeddable":true,"href":"https:\/\/beyondactiv.com\/events\/es\/wp-json\/wp\/v2\/speakers-type?post=26607"}],"curies":[{"name":"wp","href":"https:\/\/api.w.org\/{rel}","templated":true}]}}